{"id":8148,"date":"2022-01-03T11:34:33","date_gmt":"2022-01-03T11:34:33","guid":{"rendered":"https:\/\/qulto.eu\/?post_type=products&#038;p=8148"},"modified":"2024-12-09T15:00:19","modified_gmt":"2024-12-09T15:00:19","slug":"storytelling","status":"publish","type":"products","link":"https:\/\/qulto.eu\/hu\/products\/storytelling\/","title":{"rendered":"Storytelling"},"content":{"rendered":"\r\n<p>&nbsp;<\/p>\r\n<p style=\"text-align: justify;\">A t\u00f6rt\u00e9netmes\u00e9l\u00e9s az emberis\u00e9g kezdete \u00f3ta l\u00e9tez\u0151 tud\u00e1s\u00e1tad\u00e1si forma, t\u00f6rt\u00e9neteinket \u00fajra \u00e9s \u00fajra elmes\u00e9lj\u00fck, illetve \u00fajakat mes\u00e9l\u00fcnk. Hogy vannak t\u00f6rt\u00e9neteink, az \u00e1lland\u00f3; ami v\u00e1ltozik, az a t\u00f6rt\u00e9netmes\u00e9l\u00e9s m\u00f3dja. A Storytelling alkalmaz\u00e1ssal <strong>a k\u00f6zgy\u0171jtem\u00e9nyek \u00e1ltal \u0151rz\u00f6tt kultur\u00e1lis \u00e9rt\u00e9kek \u00e9s tud\u00e1s k\u00f6zvet\u00edt\u00e9s\u00e9hez k\u00edv\u00e1nunk egy modern digit\u00e1lis eszk\u00f6zt biztos\u00edtani<\/strong>.<\/p>\r\n<p style=\"text-align: justify;\">A Storytellingben k\u00e9sz\u00fclt t\u00f6rt\u00e9net egy, a gy\u0171jtem\u00e9nyb\u0151l \u00e9s egy\u00e9b tartalmakb\u00f3l \u00f6ssze\u00e1ll\u00edtott, egy adott t\u00e9m\u00e1t bemutat\u00f3 ki\u00e1ll\u00edt\u00e1si anyag digit\u00e1lis form\u00e1ban, webes fel\u00fcleten megjelen\u00edtve, amelynek saj\u00e1t szerkeszt\u0151 fel\u00fclet\u00e9n tudja a gy\u0171jtem\u00e9nykezel\u0151 \u00f6ssze\u00e1ll\u00edtani a ki\u00e1ll\u00edt\u00e1si anyagot \u00e9s szerkeszteni annak megjelen\u00e9s\u00e9t.\u00a0<\/p>\r\n<p style=\"text-align: justify;\">A term\u00e9k f\u00f3kusza a bemutatand\u00f3 t\u00e9ma vizu\u00e1lis megjelen\u00edt\u00e9s\u00e9n van, szerkeszt\u00e9skor egy tud\u00e1st\u00e9rk\u00e9p (topol\u00f3gia) k\u00e9sz\u00fcl &#8211; a t\u00f6rt\u00e9netnek ez a vizu\u00e1lis reprezent\u00e1ci\u00f3ja a l\u00e1togat\u00f3i fel\u00fcleten is el\u00e9rhet\u0151, ezzel seg\u00edtve mind a navig\u00e1ci\u00f3t, mind a t\u00f6rt\u00e9net meg\u00e9rt\u00e9s\u00e9t. <span style=\"font-weight: 400;\">Szak\u00edt a line\u00e1ris t\u00f6rt\u00e9netmes\u00e9l\u00e9s diavet\u00edt\u00e9s szer\u0171 koncepci\u00f3j\u00e1val, lehet\u0151s\u00e9get biztos\u00edt m\u00e1s fel\u00e9p\u00edt\u00e9s (p\u00e1rhuzamos t\u00f6rt\u00e9netek,\u00a0 kamaraki\u00e1ll\u00edt\u00e1s koncepci\u00f3, opcion\u00e1lis \u00fatvonalak) megval\u00f3s\u00edt\u00e1s\u00e1ra is.<\/span><\/p>\r\n<p style=\"text-align: justify;\">A virtu\u00e1lis ki\u00e1ll\u00edt\u00e1s ide\u00e1lis esetben olyan, mint a fizikai m\u00fazeumban a kamaraki\u00e1ll\u00edt\u00e1s m\u0171faja, kev\u00e9s t\u00e1rggyal dolgozik. Azonban ez a modul lehet\u0151s\u00e9get ad arra is, ha egy int\u00e9zm\u00e9ny sok (m\u0171)t\u00e1rgyat vagy elemet mag\u00e1ba foglal\u00f3 anyagot k\u00edv\u00e1n szerkeszteni \u00e9s bemutatni.\u00a0<\/p>\r\n<p>&nbsp;<\/p>\r\n<h4 style=\"text-align: justify;\">F\u0151bb funkci\u00f3k<\/h4>\r\n\r\n\r\n\r\n<ul>\r\n<li>tud\u00e1st\u00e9rk\u00e9p alap\u00fa szerkeszt\u00e9s \u00e9s megjelen\u00edt\u00e9s<\/li>\r\n<li>t\u00f6bbf\u00e9le navig\u00e1ci\u00f3s elem a l\u00e1togat\u00f3i fel\u00fcleten<\/li>\r\n<li>topol\u00f3gia- \u00e9s diasablon k\u00e9szlet<\/li>\r\n<li>sz\u00f6veges \u00e9s m\u00e9diatartalmak elhelyez\u00e9se<\/li>\r\n<li>k\u00fcl\u00f6n mobiln\u00e9zet<\/li>\r\n<\/ul>\r\n<h4 style=\"text-align: justify;\">Haszn\u00e1lati lehet\u0151s\u00e9gek<\/h4>\r\n<ul>\r\n<li style=\"text-align: justify;\">adott t\u00e1rlathoz kapcsol\u00f3d\u00f3 virtu\u00e1lis ki\u00e1ll\u00edt\u00e1s l\u00e9trehoz\u00e1s\u00e1ra az online l\u00e1togat\u00f3k sz\u00e1m\u00e1ra<\/li>\r\n<li style=\"text-align: justify;\">\u00f6n\u00e1ll\u00f3, weben el\u00e9rhet\u0151 digit\u00e1lis ki\u00e1ll\u00edt\u00e1sk\u00e9nt is m\u0171k\u00f6d\u0151k\u00e9pes, melyet egy \u00e9vfordul\u00f3hoz, vagy egy k\u00f6z\u00f6ss\u00e9g szempontj\u00e1b\u00f3l fontos esem\u00e9nyhez kapcsol\u00f3d\u00f3an el lehet elk\u00e9sz\u00edteni, fizikai ki\u00e1ll\u00edt\u00e1s megval\u00f3s\u00edt\u00e1sa n\u00e9lk\u00fcl is<\/li>\r\n<li style=\"text-align: justify;\">marketing elemk\u00e9nt is haszn\u00e1lhat\u00f3<\/li>\r\n<li style=\"text-align: justify;\">illetve a fizikai ki\u00e1ll\u00edt\u00e1st kieg\u00e9sz\u00edt\u0151 digit\u00e1lis tartalomk\u00e9nt, illetve digit\u00e1lis ki\u00e1ll\u00edt\u00e1s vezet\u0151k\u00e9nt\u00a0 is szolg\u00e1lhat<\/li>\r\n<\/ul>\r\n<p><img decoding=\"async\" loading=\"lazy\" class=\"alignnone wp-image-14259 size-large\" src=\"https:\/\/qulto.eu\/wp-content\/uploads\/mobilelaptop_story-1-1024x486.png\" alt=\"mobile+laptop_story\" width=\"1024\" height=\"486\" srcset=\"https:\/\/qulto.eu\/wp-content\/uploads\/mobilelaptop_story-1-1024x486.png 1024w, https:\/\/qulto.eu\/wp-content\/uploads\/mobilelaptop_story-1-300x142.png 300w, https:\/\/qulto.eu\/wp-content\/uploads\/mobilelaptop_story-1-768x364.png 768w, https:\/\/qulto.eu\/wp-content\/uploads\/mobilelaptop_story-1-1536x729.png 1536w, https:\/\/qulto.eu\/wp-content\/uploads\/mobilelaptop_story-1.png 2000w\" sizes=\"(max-width: 1024px) 100vw, 1024px\" \/><\/p>\r\n<h4 style=\"text-align: justify;\">Felh\u0151szolg\u00e1ltat\u00e1s<\/h4>\r\n<p style=\"text-align: justify;\">A Qulto Attract szolg\u00e1ltat\u00e1s csomag elemeit felh\u0151 alap\u00fa szolg\u00e1ltat\u00e1sk\u00e9nt k\u00edn\u00e1ljuk, a Monguz Kft. szerverparkj\u00e1n ker\u00fclnek telep\u00edt\u00e9sre. A szolg\u00e1ltat\u00e1sok tartalmazz\u00e1k a szerverhostingot (fel\u00fcgyelet, biztons\u00e1gi ment\u00e9s), a t\u00e1rhelyet \u00e9s a szoftverhaszn\u00e1latot. R\u00e9szletek a <strong><a class=\"non-arrow\" href=\"https:\/\/qulto.eu\/aszf\">mindenkori \u00c1SZF<\/a><\/strong>-ben.<\/p>\r\n<p style=\"text-align: justify;\">Az alkalmaz\u00e1sok norm\u00e1l b\u00f6ng\u00e9sz\u0151ben fut\u00f3 webes alkalmaz\u00e1sok, reszponz\u00edv diz\u00e1jnnal. Az adminisztr\u00e1ci\u00f3s fel\u00fclet is el\u00e9rhet\u0151 b\u00f6ng\u00e9sz\u0151b\u0151l.<\/p>\r\n<p style=\"text-align: justify;\">Szerz\u0151d\u00e9sbont\u00e1s eset\u00e9n k\u00fcl\u00f6n d\u00edjaz\u00e1s n\u00e9lk\u00fcl kiadjuk a megrendel\u0151 \u00e1ltal k\u00e9sz\u00edtett tartalmakat megtekint\u00e9sre alkalmas form\u00e1ban, term\u00e9szetesen az alkalmaz\u00e1s k\u00edn\u00e1lta interakci\u00f3s elemek \u00e9s az egyes oldalak k\u00f6z\u00f6tti navig\u00e1ci\u00f3s lehet\u0151s\u00e9g n\u00e9lk\u00fcl.<\/p>\r\n<h4 style=\"text-align: justify;\">Hardver ig\u00e9ny<\/h4>\r\n<p style=\"text-align: justify;\">Az alkalmaz\u00e1sok felh\u0151 alap\u00fa szolg\u00e1ltat\u00e1sk\u00e9nt futnak, a szerver oldalon c\u00e9g\u00fcnk gondoskodik az adatok t\u00e1rol\u00e1s\u00e1r\u00f3l, szolg\u00e1ltat\u00e1s\u00e1r\u00f3l, \u0151rz\u00e9s\u00e9r\u0151l \u00e9s a szerver oldali programok m\u0171k\u00f6dtet\u00e9s\u00e9r\u0151l. A felmer\u00fcl\u0151 szakmai technikai k\u00e9rd\u00e9sek megv\u00e1laszol\u00e1s\u00e1ra, \u00e9s az esetleges hib\u00e1k elh\u00e1r\u00edt\u00e1s\u00e1ra c\u00e9g\u00fcnk Forr\u00f3 dr\u00f3t szolg\u00e1ltat\u00e1st \u00fczemeltet. A l\u00e1togat\u00f3i fel\u00fcletek b\u00f6ng\u00e9sz\u0151 alap\u00faak \u00e9s jelleg\u00fckb\u0151l fakad\u00f3an k\u00fcl\u00f6nf\u00e9le munka\u00e1llom\u00e1sokr\u00f3l \u00e9s mobileszk\u00f6z\u00f6kr\u0151l egyar\u00e1nt el\u00e9rhet\u0151k. Az adminisztr\u00e1tori fel\u00fcletek az irodai munk\u00e1ban megszokott munka\u00e1llom\u00e1sokr\u00f3l haszn\u00e1land\u00f3k. A Storytelling alkalmaz\u00e1s f\u00fcggetlen az int\u00e9zm\u00e9ny \u00e1ltal esetleg haszn\u00e1lt gy\u0171jtem\u00e9nykezel\u0151 rendszert\u0151l.<\/p>\r\n<h4 style=\"text-align: justify;\">Oktat\u00e1s<\/h4>\r\n<p style=\"text-align: justify;\">Valamennyi alkalmaz\u00e1shoz on-line konzult\u00e1ci\u00f3s lehet\u0151s\u00e9get biztos\u00edtunk. Az adminisztr\u00e1tori kezel\u0151fel\u00fcletek egyszer\u0171ek, k\u00f6nnyen kezelhet\u0151k, haszn\u00e1latuk nem ig\u00e9nyel t\u00f6bb el\u0151k\u00e9pzetts\u00e9get, informatikai felk\u00e9sz\u00fclts\u00e9get, mint az irodai, szakmai munka sor\u00e1n megszokott eszk\u00f6z\u00f6k, alkalmaz\u00e1sok.<\/p>","protected":false},"excerpt":{"rendered":"<p>&nbsp; A t\u00f6rt\u00e9netmes\u00e9l\u00e9s az emberis\u00e9g kezdete \u00f3ta l\u00e9tez\u0151 tud\u00e1s\u00e1tad\u00e1si forma, t\u00f6rt\u00e9neteinket \u00fajra [&hellip;]<\/p>\n","protected":false},"featured_media":12867,"template":"","format":"standard","categories":[14],"tags":[],"field_type":[5,6],"acf":[],"_links":{"self":[{"href":"https:\/\/qulto.eu\/hu\/wp-json\/wp\/v2\/products\/8148"}],"collection":[{"href":"https:\/\/qulto.eu\/hu\/wp-json\/wp\/v2\/products"}],"about":[{"href":"https:\/\/qulto.eu\/hu\/wp-json\/wp\/v2\/types\/products"}],"wp:featuredmedia":[{"embeddable":true,"href":"https:\/\/qulto.eu\/hu\/wp-json\/wp\/v2\/media\/12867"}],"wp:attachment":[{"href":"https:\/\/qulto.eu\/hu\/wp-json\/wp\/v2\/media?parent=8148"}],"wp:term":[{"taxonomy":"category","embeddable":true,"href":"https:\/\/qulto.eu\/hu\/wp-json\/wp\/v2\/categories?post=8148"},{"taxonomy":"post_tag","embeddable":true,"href":"https:\/\/qulto.eu\/hu\/wp-json\/wp\/v2\/tags?post=8148"},{"taxonomy":"field_type","embeddable":true,"href":"https:\/\/qulto.eu\/hu\/wp-json\/wp\/v2\/field_type?post=8148"}],"curies":[{"name":"wp","href":"https:\/\/api.w.org\/{rel}","templated":true}]}}